{"version":"1.0","provider_name":"Naturpark Dahme-Heideseen","provider_url":"https:\/\/www.naturparkmagazin.de\/dahme-heideseen","author_name":"Astrid Osenbr\u00fcck","author_url":"https:\/\/www.naturparkmagazin.de\/dahme-heideseen\/author\/astridosenbrueck\/","title":"Liebe Leserinnen und Leser, - Naturpark Dahme-Heideseen","type":"rich","width":600,"height":338,"html":"<blockquote class=\"wp-embedded-content\" data-secret=\"CdWz2KCeWS\"><a href=\"https:\/\/www.naturparkmagazin.de\/dahme-heideseen\/liebe-leserinnen-und-leser-6\/\">Liebe Leserinnen und Leser,<\/a><\/blockquote><iframe sandbox=\"allow-scripts\" security=\"restricted\" src=\"https:\/\/www.naturparkmagazin.de\/dahme-heideseen\/liebe-leserinnen-und-leser-6\/embed\/#?secret=CdWz2KCeWS\" width=\"600\" height=\"338\" title=\"&#8222;Liebe Leserinnen und Leser,&#8220; &#8211; Naturpark Dahme-Heideseen\" data-secret=\"CdWz2KCeWS\" frameborder=\"0\" marginwidth=\"0\" marginheight=\"0\" scrolling=\"no\" class=\"wp-embedded-content\"><\/iframe><script type=\"text\/javascript\">\n\/*! This file is auto-generated *\/\n!function(c,d){\"use strict\";var e=!1,o=!1;if(d.querySelector)if(c.addEventListener)e=!0;if(c.wp=c.wp||{},c.wp.receiveEmbedMessage);else if(c.wp.receiveEmbedMessage=function(e){var t=e.data;if(!t);else if(!(t.secret||t.message||t.value));else if(\/[^a-zA-Z0-9]\/.test(t.secret));else{for(var r,s,a,i=d.querySelectorAll('iframe[data-secret=\"'+t.secret+'\"]'),n=d.querySelectorAll('blockquote[data-secret=\"'+t.secret+'\"]'),o=new RegExp(\"^https?:$\",\"i\"),l=0;l<n.length;l++)n[l].style.display=\"none\";for(l=0;l<i.length;l++)if(r=i[l],e.source!==r.contentWindow);else{if(r.removeAttribute(\"style\"),\"height\"===t.message){if(1e3<(s=parseInt(t.value,10)))s=1e3;else if(~~s<200)s=200;r.height=s}if(\"link\"===t.message)if(s=d.createElement(\"a\"),a=d.createElement(\"a\"),s.href=r.getAttribute(\"src\"),a.href=t.value,!o.test(a.protocol));else if(a.host===s.host)if(d.activeElement===r)c.top.location.href=t.value}}},e)c.addEventListener(\"message\",c.wp.receiveEmbedMessage,!1),d.addEventListener(\"DOMContentLoaded\",t,!1),c.addEventListener(\"load\",t,!1);function t(){if(o);else{o=!0;for(var e,t,r,s=-1!==navigator.appVersion.indexOf(\"MSIE 10\"),a=!!navigator.userAgent.match(\/Trident.*rv:11\\.\/),i=d.querySelectorAll(\"iframe.wp-embedded-content\"),n=0;n<i.length;n++){if(!(r=(t=i[n]).getAttribute(\"data-secret\")))r=Math.random().toString(36).substr(2,10),t.src+=\"#?secret=\"+r,t.setAttribute(\"data-secret\",r);if(s||a)(e=t.cloneNode(!0)).removeAttribute(\"security\"),t.parentNode.replaceChild(e,t);t.contentWindow.postMessage({message:\"ready\",secret:r},\"*\")}}}}(window,document);\n<\/script>\n","description":"im Dezember wurden uns\u00a0die Ergebnisse der regionalen Naturschutz-Taucher vorgestellt, wir haben Umweltbildungsangebote im Gr\u00fcnen Klassenzimmer durchgef\u00fchrt und Interessantes \u00fcber unsere Winterv\u00f6gel und andere Wildtiere gelernt, in Hammer gab es regionale Weihnachtsb\u00e4ume und Wildfleisch zum Verkauf und, in der Backstube in Gr\u00e4bendorf wurden die ersten Naturpark-Taler gebacken. Beitr\u00e4ge \u00fcber diese H\u00f6hepunkte aus der Weihnachtszeit u.v.m. finden"}