{"id":71,"date":"2013-05-10T11:59:00","date_gmt":"2013-05-10T09:59:00","guid":{"rendered":"http:\/\/www.naturparkmagazin.de\/schwaebisch-fraenkischer-wald\/?page_id=71"},"modified":"2014-09-18T11:01:03","modified_gmt":"2014-09-18T09:01:03","slug":"anmeldung-zum-newsletter","status":"publish","type":"page","link":"https:\/\/www.naturparkmagazin.de\/schwaebisch-fraenkischer-wald\/anmeldung-zum-newsletter\/","title":{"rendered":"Anmeldung zum Newsletter"},"content":{"rendered":"<div style=\"width: 1168px\" class=\"wp-caption alignnone\"><img decoding=\"async\" loading=\"lazy\" src=\"https:\/\/www.naturparkmagazin.de\/wp-content\/uploads\/Anzeigenmotiv.jpg\" width=\"1158\" height=\"829\" class \/><p class=\"wp-caption-text\">Newsletter Anmeldung<\/p><\/div>\n<h2><span style=\"color: #33aa11;\">Lieber Naturfreund!<\/span><\/h2>\n<p>Sie interessieren sich f\u00fcr unseren Naturpark Schw\u00e4bisch-Fr\u00e4nkischer Wald und m\u00f6chten gerne online \u00fcber aktuelle Veranstaltungstermine und Aktivit\u00e4ten, Neuigkeiten und Projekte informiert werden? Dann melden Sie sich hier kostenlos f\u00fcr unseren Naturparke-Newsletter an. Nat\u00fcrlich k\u00f6nnen Sie auch \u2013 falls Sie den Newsletter nicht mehr erhalten m\u00f6chten \u2013 jederzeit den Empfang des Newsletters beenden.<\/p>\n<p><strong>Wir w\u00fcrden uns freuen, wenn Sie als Abonnent mit dabei w\u00e4ren. <\/strong><\/p>\n<p><em>Herzliche Gr\u00fc\u00dfe,\nIhr Naturpark-Team<\/em> <\/p>\n<p><div class=\"tnp tnp-subscription\">\n<form method=\"post\" action=\"https:\/\/www.naturparkmagazin.de\/schwaebisch-fraenkischer-wald\/?na=s\">\n\n<input type=\"hidden\" name=\"nr\" value=\"page\"><input type=\"hidden\" name=\"nlang\" value=\"\"><div class=\"tnp-field tnp-field-firstname\"><label for=\"tnp-1\">Name<\/label>\n<input class=\"tnp-name\" type=\"text\" name=\"nn\" id=\"tnp-1\" value=\"\"><\/div>\n<div class=\"tnp-field tnp-field-email\"><label for=\"tnp-2\">Email<\/label>\n<input class=\"tnp-email\" type=\"email\" name=\"ne\" id=\"tnp-2\" value=\"\" required><\/div>\n<div class=\"tnp-field tnp-privacy-field\"><label><input type=\"checkbox\" name=\"ny\" required class=\"tnp-privacy\">&nbsp;<a target=\"_blank\" href=\"https:\/\/www.naturparkmagazin.de\/datenschutzerklaerung\/\">Ja, ich m\u00f6chte den Newsletter per E-Mail mit aktuellen Informationen zu Veranstaltungen, Neuigkeiten und weiteren Themen des Naturparks Schw\u00e4bisch-Fr\u00e4nkischer Wald erhalten. Diese Einwilligung k\u00f6nnen Sie jederzeit mit Wirkung f\u00fcr die Zukunft per E-Mail an AbmeldungNewsletter@naturparkmagazin.de oder durch Anklickendes Abmelde-Links am Ende des Newsletters widerrufen. Die erhobenen Daten dienen nur der Versendung des Newsletters und der Dokumentation Ihrer Zustimmung. Weitere Informationen finden Sie unter der Datenschutzerkl\u00e4rung.<\/a><\/label><\/div><div class=\"tnp-field tnp-field-button\"><input class=\"tnp-submit\" type=\"submit\" value=\"Abonnieren\" >\n<\/div>\n<\/form>\n<\/div>\n<\/p>\n","protected":false},"excerpt":{"rendered":"<p>Lieber Naturfreund! Sie interessieren sich f\u00fcr unseren Naturpark Schw\u00e4bisch-Fr\u00e4nkischer Wald und m\u00f6chten gerne online \u00fcber aktuelle Veranstaltungstermine und Aktivit\u00e4ten, Neuigkeiten und Projekte informiert werden? Dann melden Sie sich hier kostenlos f\u00fcr unseren Naturparke-Newsletter an. Nat\u00fcrlich k\u00f6nnen Sie auch \u2013 falls Sie den Newsletter nicht mehr erhalten m\u00f6chten \u2013 jederzeit den Empfang des Newsletters beenden. Wir<\/p>\n","protected":false},"author":1,"featured_media":0,"parent":0,"menu_order":0,"comment_status":"open","ping_status":"open","template":"","meta":[],"yoast_head":"<!-- This site is optimized with the Yoast SEO plugin v19.10 - https:\/\/yoast.com\/wordpress\/plugins\/seo\/ -->\n<title>Anmeldung zum Newsletter - Naturpark Schw\u00e4bisch-Fr\u00e4nkischer Wald<\/title>\n<meta name=\"robots\" content=\"index, follow, max-snippet:-1, max-image-preview:large, max-video-preview:-1\" \/>\n<link rel=\"canonical\" href=\"https:\/\/www.naturparkmagazin.de\/schwaebisch-fraenkischer-wald\/anmeldung-zum-newsletter\/\" \/>\n<meta property=\"og:locale\" content=\"de_DE\" \/>\n<meta property=\"og:type\" content=\"article\" \/>\n<meta property=\"og:title\" content=\"Anmeldung zum Newsletter - Naturpark Schw\u00e4bisch-Fr\u00e4nkischer Wald\" \/>\n<meta property=\"og:description\" content=\"Lieber Naturfreund! Sie interessieren sich f\u00fcr unseren Naturpark Schw\u00e4bisch-Fr\u00e4nkischer Wald und m\u00f6chten gerne online \u00fcber aktuelle Veranstaltungstermine und Aktivit\u00e4ten, Neuigkeiten und Projekte informiert werden? Dann melden Sie sich hier kostenlos f\u00fcr unseren Naturparke-Newsletter an. Nat\u00fcrlich k\u00f6nnen Sie auch \u2013 falls Sie den Newsletter nicht mehr erhalten m\u00f6chten \u2013 jederzeit den Empfang des Newsletters beenden. Wir\" \/>\n<meta property=\"og:url\" content=\"https:\/\/www.naturparkmagazin.de\/schwaebisch-fraenkischer-wald\/anmeldung-zum-newsletter\/\" \/>\n<meta property=\"og:site_name\" content=\"Naturpark Schw\u00e4bisch-Fr\u00e4nkischer Wald\" \/>\n<meta property=\"article:modified_time\" content=\"2014-09-18T09:01:03+00:00\" \/>\n<meta property=\"og:image\" content=\"https:\/\/www.naturparkmagazin.de\/wp-content\/uploads\/Anzeigenmotiv.jpg\" \/>\n<script type=\"application\/ld+json\" class=\"yoast-schema-graph\">{\"@context\":\"https:\/\/schema.org\",\"@graph\":[{\"@type\":\"WebPage\",\"@id\":\"https:\/\/www.naturparkmagazin.de\/schwaebisch-fraenkischer-wald\/anmeldung-zum-newsletter\/\",\"url\":\"https:\/\/www.naturparkmagazin.de\/schwaebisch-fraenkischer-wald\/anmeldung-zum-newsletter\/\",\"name\":\"Anmeldung zum Newsletter - Naturpark Schw\u00e4bisch-Fr\u00e4nkischer Wald\",\"isPartOf\":{\"@id\":\"https:\/\/www.naturparkmagazin.de\/schwaebisch-fraenkischer-wald\/#website\"},\"datePublished\":\"2013-05-10T09:59:00+00:00\",\"dateModified\":\"2014-09-18T09:01:03+00:00\",\"breadcrumb\":{\"@id\":\"https:\/\/www.naturparkmagazin.de\/schwaebisch-fraenkischer-wald\/anmeldung-zum-newsletter\/#breadcrumb\"},\"inLanguage\":\"de\",\"potentialAction\":[{\"@type\":\"ReadAction\",\"target\":[\"https:\/\/www.naturparkmagazin.de\/schwaebisch-fraenkischer-wald\/anmeldung-zum-newsletter\/\"]}]},{\"@type\":\"BreadcrumbList\",\"@id\":\"https:\/\/www.naturparkmagazin.de\/schwaebisch-fraenkischer-wald\/anmeldung-zum-newsletter\/#breadcrumb\",\"itemListElement\":[{\"@type\":\"ListItem\",\"position\":1,\"name\":\"Home\",\"item\":\"https:\/\/www.naturparkmagazin.de\/schwaebisch-fraenkischer-wald\/\"},{\"@type\":\"ListItem\",\"position\":2,\"name\":\"Anmeldung zum Newsletter\"}]},{\"@type\":\"WebSite\",\"@id\":\"https:\/\/www.naturparkmagazin.de\/schwaebisch-fraenkischer-wald\/#website\",\"url\":\"https:\/\/www.naturparkmagazin.de\/schwaebisch-fraenkischer-wald\/\",\"name\":\"Naturpark Schw\u00e4bisch-Fr\u00e4nkischer Wald\",\"description\":\"\",\"potentialAction\":[{\"@type\":\"SearchAction\",\"target\":{\"@type\":\"EntryPoint\",\"urlTemplate\":\"https:\/\/www.naturparkmagazin.de\/schwaebisch-fraenkischer-wald\/?s={search_term_string}\"},\"query-input\":\"required name=search_term_string\"}],\"inLanguage\":\"de\"}]}<\/script>\n<!-- \/ Yoast SEO plugin. -->","yoast_head_json":{"title":"Anmeldung zum Newsletter - Naturpark Schw\u00e4bisch-Fr\u00e4nkischer Wald","robots":{"index":"index","follow":"follow","max-snippet":"max-snippet:-1","max-image-preview":"max-image-preview:large","max-video-preview":"max-video-preview:-1"},"canonical":"https:\/\/www.naturparkmagazin.de\/schwaebisch-fraenkischer-wald\/anmeldung-zum-newsletter\/","og_locale":"de_DE","og_type":"article","og_title":"Anmeldung zum Newsletter - Naturpark Schw\u00e4bisch-Fr\u00e4nkischer Wald","og_description":"Lieber Naturfreund! Sie interessieren sich f\u00fcr unseren Naturpark Schw\u00e4bisch-Fr\u00e4nkischer Wald und m\u00f6chten gerne online \u00fcber aktuelle Veranstaltungstermine und Aktivit\u00e4ten, Neuigkeiten und Projekte informiert werden? Dann melden Sie sich hier kostenlos f\u00fcr unseren Naturparke-Newsletter an. Nat\u00fcrlich k\u00f6nnen Sie auch \u2013 falls Sie den Newsletter nicht mehr erhalten m\u00f6chten \u2013 jederzeit den Empfang des Newsletters beenden. Wir","og_url":"https:\/\/www.naturparkmagazin.de\/schwaebisch-fraenkischer-wald\/anmeldung-zum-newsletter\/","og_site_name":"Naturpark Schw\u00e4bisch-Fr\u00e4nkischer Wald","article_modified_time":"2014-09-18T09:01:03+00:00","og_image":[{"url":"https:\/\/www.naturparkmagazin.de\/wp-content\/uploads\/Anzeigenmotiv.jpg"}],"schema":{"@context":"https:\/\/schema.org","@graph":[{"@type":"WebPage","@id":"https:\/\/www.naturparkmagazin.de\/schwaebisch-fraenkischer-wald\/anmeldung-zum-newsletter\/","url":"https:\/\/www.naturparkmagazin.de\/schwaebisch-fraenkischer-wald\/anmeldung-zum-newsletter\/","name":"Anmeldung zum Newsletter - Naturpark Schw\u00e4bisch-Fr\u00e4nkischer Wald","isPartOf":{"@id":"https:\/\/www.naturparkmagazin.de\/schwaebisch-fraenkischer-wald\/#website"},"datePublished":"2013-05-10T09:59:00+00:00","dateModified":"2014-09-18T09:01:03+00:00","breadcrumb":{"@id":"https:\/\/www.naturparkmagazin.de\/schwaebisch-fraenkischer-wald\/anmeldung-zum-newsletter\/#breadcrumb"},"inLanguage":"de","potentialAction":[{"@type":"ReadAction","target":["https:\/\/www.naturparkmagazin.de\/schwaebisch-fraenkischer-wald\/anmeldung-zum-newsletter\/"]}]},{"@type":"BreadcrumbList","@id":"https:\/\/www.naturparkmagazin.de\/schwaebisch-fraenkischer-wald\/anmeldung-zum-newsletter\/#breadcrumb","itemListElement":[{"@type":"ListItem","position":1,"name":"Home","item":"https:\/\/www.naturparkmagazin.de\/schwaebisch-fraenkischer-wald\/"},{"@type":"ListItem","position":2,"name":"Anmeldung zum Newsletter"}]},{"@type":"WebSite","@id":"https:\/\/www.naturparkmagazin.de\/schwaebisch-fraenkischer-wald\/#website","url":"https:\/\/www.naturparkmagazin.de\/schwaebisch-fraenkischer-wald\/","name":"Naturpark Schw\u00e4bisch-Fr\u00e4nkischer Wald","description":"","potentialAction":[{"@type":"SearchAction","target":{"@type":"EntryPoint","urlTemplate":"https:\/\/www.naturparkmagazin.de\/schwaebisch-fraenkischer-wald\/?s={search_term_string}"},"query-input":"required name=search_term_string"}],"inLanguage":"de"}]}},"_links":{"self":[{"href":"https:\/\/www.naturparkmagazin.de\/schwaebisch-fraenkischer-wald\/wp-json\/wp\/v2\/pages\/71"}],"collection":[{"href":"https:\/\/www.naturparkmagazin.de\/schwaebisch-fraenkischer-wald\/wp-json\/wp\/v2\/pages"}],"about":[{"href":"https:\/\/www.naturparkmagazin.de\/schwaebisch-fraenkischer-wald\/wp-json\/wp\/v2\/types\/page"}],"author":[{"embeddable":true,"href":"https:\/\/www.naturparkmagazin.de\/schwaebisch-fraenkischer-wald\/wp-json\/wp\/v2\/users\/1"}],"replies":[{"embeddable":true,"href":"https:\/\/www.naturparkmagazin.de\/schwaebisch-fraenkischer-wald\/wp-json\/wp\/v2\/comments?post=71"}],"version-history":[{"count":6,"href":"https:\/\/www.naturparkmagazin.de\/schwaebisch-fraenkischer-wald\/wp-json\/wp\/v2\/pages\/71\/revisions"}],"predecessor-version":[{"id":1104,"href":"https:\/\/www.naturparkmagazin.de\/schwaebisch-fraenkischer-wald\/wp-json\/wp\/v2\/pages\/71\/revisions\/1104"}],"wp:attachment":[{"href":"https:\/\/www.naturparkmagazin.de\/schwaebisch-fraenkischer-wald\/wp-json\/wp\/v2\/media?parent=71"}],"curies":[{"name":"wp","href":"https:\/\/api.w.org\/{rel}","templated":true}]}}