{"version":"1.0","provider_name":"Naturpark Stechlin-Ruppiner Land","provider_url":"https:\/\/www.naturparkmagazin.de\/stechlin","author_name":"marioschrumpf","author_url":"https:\/\/www.naturparkmagazin.de\/stechlin\/author\/marioschrumpf\/","title":"Mit allen Sinnen genie\u00dfen - Naturpark Stechlin-Ruppiner Land","type":"rich","width":600,"height":338,"html":"<blockquote class=\"wp-embedded-content\" data-secret=\"l9kdZN41Tp\"><a href=\"https:\/\/www.naturparkmagazin.de\/stechlin\/mitallen-sinnen-geniessen\/\">Mit allen Sinnen genie\u00dfen<\/a><\/blockquote><iframe sandbox=\"allow-scripts\" security=\"restricted\" src=\"https:\/\/www.naturparkmagazin.de\/stechlin\/mitallen-sinnen-geniessen\/embed\/#?secret=l9kdZN41Tp\" width=\"600\" height=\"338\" title=\"&#8222;Mit allen Sinnen genie\u00dfen&#8220; &#8211; Naturpark Stechlin-Ruppiner Land\" data-secret=\"l9kdZN41Tp\" frameborder=\"0\" marginwidth=\"0\" marginheight=\"0\" scrolling=\"no\" class=\"wp-embedded-content\"><\/iframe><script type=\"text\/javascript\">\n\/*! This file is auto-generated *\/\n!function(c,d){\"use strict\";var e=!1,o=!1;if(d.querySelector)if(c.addEventListener)e=!0;if(c.wp=c.wp||{},c.wp.receiveEmbedMessage);else if(c.wp.receiveEmbedMessage=function(e){var t=e.data;if(!t);else if(!(t.secret||t.message||t.value));else if(\/[^a-zA-Z0-9]\/.test(t.secret));else{for(var r,s,a,i=d.querySelectorAll('iframe[data-secret=\"'+t.secret+'\"]'),n=d.querySelectorAll('blockquote[data-secret=\"'+t.secret+'\"]'),o=new RegExp(\"^https?:$\",\"i\"),l=0;l<n.length;l++)n[l].style.display=\"none\";for(l=0;l<i.length;l++)if(r=i[l],e.source!==r.contentWindow);else{if(r.removeAttribute(\"style\"),\"height\"===t.message){if(1e3<(s=parseInt(t.value,10)))s=1e3;else if(~~s<200)s=200;r.height=s}if(\"link\"===t.message)if(s=d.createElement(\"a\"),a=d.createElement(\"a\"),s.href=r.getAttribute(\"src\"),a.href=t.value,!o.test(a.protocol));else if(a.host===s.host)if(d.activeElement===r)c.top.location.href=t.value}}},e)c.addEventListener(\"message\",c.wp.receiveEmbedMessage,!1),d.addEventListener(\"DOMContentLoaded\",t,!1),c.addEventListener(\"load\",t,!1);function t(){if(o);else{o=!0;for(var e,t,r,s=-1!==navigator.appVersion.indexOf(\"MSIE 10\"),a=!!navigator.userAgent.match(\/Trident.*rv:11\\.\/),i=d.querySelectorAll(\"iframe.wp-embedded-content\"),n=0;n<i.length;n++){if(!(r=(t=i[n]).getAttribute(\"data-secret\")))r=Math.random().toString(36).substr(2,10),t.src+=\"#?secret=\"+r,t.setAttribute(\"data-secret\",r);if(s||a)(e=t.cloneNode(!0)).removeAttribute(\"security\"),t.parentNode.replaceChild(e,t);t.contentWindow.postMessage({message:\"ready\",secret:r},\"*\")}}}}(window,document);\n<\/script>\n","thumbnail_url":"https:\/\/www.naturparkmagazin.de\/stechlin\/wp-content\/uploads\/sites\/38\/k-Kr\u00e4uterf\u00fchrung-e1436786616188.jpg","thumbnail_width":803,"thumbnail_height":449,"description":"Bei einer F\u00fchrung durch den Sinnesgarten am NaturParkHaus Stechlin in Menz erfahren Sie vieles \u00fcber Anwendung und Verwendung der Kr\u00e4uter. Gemeinsam bereiten wir \u00d6l und Essig mit frischen Kr\u00e4utern aus dem Garten zum mitnehmen. Termin: Mittwoch, 7. August + 21. August (Dauer ca. 2 h) Kosten: F\u00fchrung 1 \u20ac plus Materialkosten f\u00fcr \u00d6l und Essig"}