{"version":"1.0","provider_name":"Verband Deutscher Naturparke","provider_url":"https:\/\/www.naturparkmagazin.de\/vdn","author_name":"beatrixlosem","author_url":"https:\/\/www.naturparkmagazin.de\/vdn\/author\/beatrixlosem\/","title":"Bunter als Du denkst! - Naturpark L\u00fcneburger Heide","type":"rich","width":600,"height":338,"html":"<blockquote class=\"wp-embedded-content\" data-secret=\"fpXTsEZz7X\"><a href=\"https:\/\/www.naturparkmagazin.de\/vdn\/bunter-als-du-denkst-naturpark-lueneburger-heide\/\">Bunter als Du denkst! &#8211; Naturpark L\u00fcneburger Heide<\/a><\/blockquote><iframe sandbox=\"allow-scripts\" security=\"restricted\" src=\"https:\/\/www.naturparkmagazin.de\/vdn\/bunter-als-du-denkst-naturpark-lueneburger-heide\/embed\/#?secret=fpXTsEZz7X\" width=\"600\" height=\"338\" title=\"&#8222;Bunter als Du denkst! &#8211; Naturpark L\u00fcneburger Heide&#8220; &#8211; Verband Deutscher Naturparke\" data-secret=\"fpXTsEZz7X\" frameborder=\"0\" marginwidth=\"0\" marginheight=\"0\" scrolling=\"no\" class=\"wp-embedded-content\"><\/iframe><script type=\"text\/javascript\">\n\/*! This file is auto-generated *\/\n!function(c,d){\"use strict\";var e=!1,o=!1;if(d.querySelector)if(c.addEventListener)e=!0;if(c.wp=c.wp||{},c.wp.receiveEmbedMessage);else if(c.wp.receiveEmbedMessage=function(e){var t=e.data;if(!t);else if(!(t.secret||t.message||t.value));else if(\/[^a-zA-Z0-9]\/.test(t.secret));else{for(var r,s,a,i=d.querySelectorAll('iframe[data-secret=\"'+t.secret+'\"]'),n=d.querySelectorAll('blockquote[data-secret=\"'+t.secret+'\"]'),o=new RegExp(\"^https?:$\",\"i\"),l=0;l<n.length;l++)n[l].style.display=\"none\";for(l=0;l<i.length;l++)if(r=i[l],e.source!==r.contentWindow);else{if(r.removeAttribute(\"style\"),\"height\"===t.message){if(1e3<(s=parseInt(t.value,10)))s=1e3;else if(~~s<200)s=200;r.height=s}if(\"link\"===t.message)if(s=d.createElement(\"a\"),a=d.createElement(\"a\"),s.href=r.getAttribute(\"src\"),a.href=t.value,!o.test(a.protocol));else if(a.host===s.host)if(d.activeElement===r)c.top.location.href=t.value}}},e)c.addEventListener(\"message\",c.wp.receiveEmbedMessage,!1),d.addEventListener(\"DOMContentLoaded\",t,!1),c.addEventListener(\"load\",t,!1);function t(){if(o);else{o=!0;for(var e,t,r,s=-1!==navigator.appVersion.indexOf(\"MSIE 10\"),a=!!navigator.userAgent.match(\/Trident.*rv:11\\.\/),i=d.querySelectorAll(\"iframe.wp-embedded-content\"),n=0;n<i.length;n++){if(!(r=(t=i[n]).getAttribute(\"data-secret\")))r=Math.random().toString(36).substr(2,10),t.src+=\"#?secret=\"+r,t.setAttribute(\"data-secret\",r);if(s||a)(e=t.cloneNode(!0)).removeAttribute(\"security\"),t.parentNode.replaceChild(e,t);t.contentWindow.postMessage({message:\"ready\",secret:r},\"*\")}}}}(window,document);\n<\/script>\n","thumbnail_url":"https:\/\/www.naturparkmagazin.de\/vdn\/wp-content\/uploads\/sites\/3\/Heide_Panorama2008_1_beitragsbild.jpg","thumbnail_width":200,"thumbnail_height":200,"description":"Gut erreichbar im St\u00e4dtedreieck Hamburg, Bremen und Hannover gelegen erstreckt sich der Naturpark \u00fcber eine Fl\u00e4che von 1.070 km\u00b2. Er beherbergt die gr\u00f6\u00dften zusammenh\u00e4ngenden Heidefl\u00e4chen Mitteleuropas. Hier findet man nicht nur Schnuckenherden mit ihrem Sch\u00e4fer auf Streifz\u00fcgen durch die Landschaft oder die pr\u00e4chtig violette Heidebl\u00fcte im August und September sondern eine bunte Vielfalt von Naturerlebnisangeboten f\u00fcr Gro\u00df und Klein."}